{"id":2759,"date":"2023-07-26T08:57:38","date_gmt":"2023-07-26T08:57:38","guid":{"rendered":"https:\/\/otispro.pl\/ueberempfindlichkeit-des-gehoers\/"},"modified":"2023-09-19T12:58:23","modified_gmt":"2023-09-19T12:58:23","slug":"ueberempfindlichkeit-des-gehoers","status":"publish","type":"page","link":"https:\/\/otispro.pl\/de\/ueberempfindlichkeit-des-gehoers\/","title":{"rendered":"\u00dcberempfindlichkeit des Geh\u00f6rs"},"content":{"rendered":"\t\t<div data-elementor-type=\"wp-page\" data-elementor-id=\"2759\" class=\"elementor elementor-2759 elementor-1909\" data-elementor-post-type=\"page\">\n\t\t\t\t\t\t\t<div class=\"elementor-element elementor-element-1b331820 e-con-full e-flex e-con e-parent\" data-id=\"1b331820\" data-element_type=\"container\" data-settings=\"{&quot;content_width&quot;:&quot;full&quot;}\" data-core-v316-plus=\"true\">\n\t\t<div class=\"elementor-element elementor-element-5cf594c1 e-con-full e-flex e-con e-child\" data-id=\"5cf594c1\" data-element_type=\"container\" data-settings=\"{&quot;content_width&quot;:&quot;full&quot;}\">\n\t\t<div class=\"elementor-element elementor-element-7c2617d e-con-full e-flex e-con e-child\" data-id=\"7c2617d\" data-element_type=\"container\" data-settings=\"{&quot;content_width&quot;:&quot;full&quot;}\">\n\t\t\t\t<div class=\"elementor-element elementor-element-43d1883 elementor-widget elementor-widget-tp-heading\" data-id=\"43d1883\" data-element_type=\"widget\" data-widget_type=\"tp-heading.default\">\n\t\t\t\t<div class=\"elementor-widget-container\">\n\t\t\t\r\n\t\t\r\n                    <div class=\"tp-section\">\r\n                                <span class=\"tp-section__sub-title left-line right-line mb-25 tp-el-subtitle\">\r\n                    \u00dcberempfindlichkeit des Geh\u00f6rs                <\/span>\r\n                                <h2 class=\"tp-section__title tp-el-title mb-70\">Was ist eine auditorische \u00dcberempfindlichkeit bei Erwachsenen?<\/h2>                            <\/div>\r\n        \r\n        \r\n        \t\t<\/div>\n\t\t\t\t<\/div>\n\t\t\t\t<div class=\"elementor-element elementor-element-7b035ea5 elementor-widget elementor-widget-text-editor\" data-id=\"7b035ea5\" data-element_type=\"widget\" data-widget_type=\"text-editor.default\">\n\t\t\t\t<div class=\"elementor-widget-container\">\n\t\t\t<style>\/*! elementor - v3.16.0 - 14-09-2023 *\/\n.elementor-widget-text-editor.elementor-drop-cap-view-stacked .elementor-drop-cap{background-color:#69727d;color:#fff}.elementor-widget-text-editor.elementor-drop-cap-view-framed .elementor-drop-cap{color:#69727d;border:3px solid;background-color:transparent}.elementor-widget-text-editor:not(.elementor-drop-cap-view-default) .elementor-drop-cap{margin-top:8px}.elementor-widget-text-editor:not(.elementor-drop-cap-view-default) .elementor-drop-cap-letter{width:1em;height:1em}.elementor-widget-text-editor .elementor-drop-cap{float:left;text-align:center;line-height:1;font-size:50px}.elementor-widget-text-editor .elementor-drop-cap-letter{display:inline-block}<\/style>\t\t\t\t<p>Bei einer H\u00f6r\u00fcberempfindlichkeit verursachen selbst gew\u00f6hnliche Umgebungsger\u00e4usche &#8211; z. B. Gespr\u00e4che, Staubsaugen, Hundegebell &#8211; gro\u00dfes Unbehagen und sogar Schmerzen. Menschen mit Hyperakusis nehmen Schallreize als unertr\u00e4glichen L\u00e4rm wahr. In Polen sind t\u00e4glich etwa 20 % der Bev\u00f6lkerung betroffen.   <\/p>\n\t\t\t\t\t\t<\/div>\n\t\t\t\t<\/div>\n\t\t\t\t<\/div>\n\t\t\t\t<\/div>\n\t\t<div class=\"elementor-element elementor-element-367aca9f e-con-full e-flex e-con e-child\" data-id=\"367aca9f\" data-element_type=\"container\" data-settings=\"{&quot;content_width&quot;:&quot;full&quot;,&quot;background_background&quot;:&quot;classic&quot;}\">\n\t\t\t\t<\/div>\n\t\t\t\t<\/div>\n\t\t<div class=\"elementor-element elementor-element-49f964e5 e-flex e-con-boxed e-con e-parent\" data-id=\"49f964e5\" data-element_type=\"container\" data-settings=\"{&quot;background_background&quot;:&quot;classic&quot;,&quot;content_width&quot;:&quot;boxed&quot;}\" data-core-v316-plus=\"true\">\n\t\t\t\t\t<div class=\"e-con-inner\">\n\t\t<div class=\"elementor-element elementor-element-17d69d9c e-flex e-con-boxed e-con e-child\" data-id=\"17d69d9c\" data-element_type=\"container\" data-settings=\"{&quot;content_width&quot;:&quot;boxed&quot;}\">\n\t\t\t\t\t<div class=\"e-con-inner\">\n\t\t\t\t<div class=\"elementor-element elementor-element-1beefd8 elementor-widget elementor-widget-tp-heading\" data-id=\"1beefd8\" data-element_type=\"widget\" data-widget_type=\"tp-heading.default\">\n\t\t\t\t<div class=\"elementor-widget-container\">\n\t\t\t\r\n\t\t\r\n                    <div class=\"tp-section\">\r\n                                <span class=\"tp-section__sub-title left-line right-line mb-25 tp-el-subtitle\">\r\n                    Gut zu wissen                <\/span>\r\n                                <h2 class=\"tp-section__title tp-el-title mb-70\">Welche Arten der auditorischen \u00dcberempfindlichkeit gibt es?<\/h2>                                    <p class=\"tp-el-content\">In der wissenschaftlichen Literatur werden verschiedene Arten von \u00dcberempfindlichkeit gegen\u00fcber Schall beschrieben: <\/p>\r\n                            <\/div>\r\n        \r\n        \r\n        \t\t<\/div>\n\t\t\t\t<\/div>\n\t\t\t\t\t<\/div>\n\t\t\t\t<\/div>\n\t\t<div class=\"elementor-element elementor-element-33058585 e-flex e-con-boxed e-con e-child\" data-id=\"33058585\" data-element_type=\"container\" data-settings=\"{&quot;content_width&quot;:&quot;boxed&quot;}\">\n\t\t\t\t\t<div class=\"e-con-inner\">\n\t\t<div class=\"elementor-element elementor-element-319900e7 e-flex e-con-boxed e-con e-child\" data-id=\"319900e7\" data-element_type=\"container\" data-settings=\"{&quot;background_background&quot;:&quot;classic&quot;,&quot;content_width&quot;:&quot;boxed&quot;}\">\n\t\t\t\t\t<div class=\"e-con-inner\">\n\t\t\t\t<div class=\"elementor-element elementor-element-e737e41 elementor-view-default elementor-position-top elementor-mobile-position-top elementor-widget elementor-widget-icon-box\" data-id=\"e737e41\" data-element_type=\"widget\" data-widget_type=\"icon-box.default\">\n\t\t\t\t<div class=\"elementor-widget-container\">\n\t\t\t<link rel=\"stylesheet\" href=\"http:\/\/otispro.pl\/wp-content\/plugins\/elementor\/assets\/css\/widget-icon-box.min.css\">\t\t<div class=\"elementor-icon-box-wrapper\">\n\t\t\t\t\t\t<div class=\"elementor-icon-box-icon\">\n\t\t\t\t<span  class=\"elementor-icon elementor-animation-\">\n\t\t\t\t<i aria-hidden=\"true\" class=\"fal fa-angle-down\"><\/i>\t\t\t\t<\/span>\n\t\t\t<\/div>\n\t\t\t\t\t\t<div class=\"elementor-icon-box-content\">\n\t\t\t\t<h4 class=\"elementor-icon-box-title\">\n\t\t\t\t\t<span  >\n\t\t\t\t\t\tPerimeter \t\t\t\t\t<\/span>\n\t\t\t\t<\/h4>\n\t\t\t\t\t\t\t\t\t<p class=\"elementor-icon-box-description\">\n\t\t\t\t\t\tbezieht sich auf eine unangemessene Arbeit des Steigb\u00fcgelmuskels, der sich im Mittelohr befindet\t\t\t\t\t<\/p>\n\t\t\t\t\t\t\t<\/div>\n\t\t<\/div>\n\t\t\t\t<\/div>\n\t\t\t\t<\/div>\n\t\t\t\t\t<\/div>\n\t\t\t\t<\/div>\n\t\t<div class=\"elementor-element elementor-element-524f65e e-flex e-con-boxed e-con e-child\" data-id=\"524f65e\" data-element_type=\"container\" data-settings=\"{&quot;background_background&quot;:&quot;classic&quot;,&quot;content_width&quot;:&quot;boxed&quot;}\">\n\t\t\t\t\t<div class=\"e-con-inner\">\n\t\t\t\t<div class=\"elementor-element elementor-element-534578d elementor-view-default elementor-position-top elementor-mobile-position-top elementor-widget elementor-widget-icon-box\" data-id=\"534578d\" data-element_type=\"widget\" data-widget_type=\"icon-box.default\">\n\t\t\t\t<div class=\"elementor-widget-container\">\n\t\t\t\t\t<div class=\"elementor-icon-box-wrapper\">\n\t\t\t\t\t\t<div class=\"elementor-icon-box-icon\">\n\t\t\t\t<span  class=\"elementor-icon elementor-animation-\">\n\t\t\t\t<i aria-hidden=\"true\" class=\"fal fa-angle-down\"><\/i>\t\t\t\t<\/span>\n\t\t\t<\/div>\n\t\t\t\t\t\t<div class=\"elementor-icon-box-content\">\n\t\t\t\t<h4 class=\"elementor-icon-box-title\">\n\t\t\t\t\t<span  >\n\t\t\t\t\t\tAuditives Zentrum \t\t\t\t\t<\/span>\n\t\t\t\t<\/h4>\n\t\t\t\t\t\t\t\t\t<p class=\"elementor-icon-box-description\">\n\t\t\t\t\t\ttritt auf, wenn der Serotoninspiegel im zentralen Nervensystem abnormal ist\t\t\t\t\t<\/p>\n\t\t\t\t\t\t\t<\/div>\n\t\t<\/div>\n\t\t\t\t<\/div>\n\t\t\t\t<\/div>\n\t\t\t\t\t<\/div>\n\t\t\t\t<\/div>\n\t\t<div class=\"elementor-element elementor-element-b39b0ae e-flex e-con-boxed e-con e-child\" data-id=\"b39b0ae\" data-element_type=\"container\" data-settings=\"{&quot;background_background&quot;:&quot;classic&quot;,&quot;content_width&quot;:&quot;boxed&quot;}\">\n\t\t\t\t\t<div class=\"e-con-inner\">\n\t\t\t\t<div class=\"elementor-element elementor-element-ef06c97 elementor-view-default elementor-position-top elementor-mobile-position-top elementor-widget elementor-widget-icon-box\" data-id=\"ef06c97\" data-element_type=\"widget\" data-widget_type=\"icon-box.default\">\n\t\t\t\t<div class=\"elementor-widget-container\">\n\t\t\t\t\t<div class=\"elementor-icon-box-wrapper\">\n\t\t\t\t\t\t<div class=\"elementor-icon-box-icon\">\n\t\t\t\t<span  class=\"elementor-icon elementor-animation-\">\n\t\t\t\t<i aria-hidden=\"true\" class=\"fal fa-angle-down\"><\/i>\t\t\t\t<\/span>\n\t\t\t<\/div>\n\t\t\t\t\t\t<div class=\"elementor-icon-box-content\">\n\t\t\t\t<h4 class=\"elementor-icon-box-title\">\n\t\t\t\t\t<span  >\n\t\t\t\t\t\tPeripherie (gemischt) zentral \t\t\t\t\t<\/span>\n\t\t\t\t<\/h4>\n\t\t\t\t\t\t\t\t\t<p class=\"elementor-icon-box-description\">\n\t\t\t\t\t\tdurch eine Sch\u00e4digung der H\u00f6rschnecke des Ohrs, deren Verformung h\u00e4ufig zu einem H\u00f6rverlust des Patienten f\u00fchrt\t\t\t\t\t<\/p>\n\t\t\t\t\t\t\t<\/div>\n\t\t<\/div>\n\t\t\t\t<\/div>\n\t\t\t\t<\/div>\n\t\t\t\t\t<\/div>\n\t\t\t\t<\/div>\n\t\t\t\t\t<\/div>\n\t\t\t\t<\/div>\n\t\t<div class=\"elementor-element elementor-element-22f047b e-flex e-con-boxed e-con e-child\" data-id=\"22f047b\" data-element_type=\"container\" data-settings=\"{&quot;content_width&quot;:&quot;boxed&quot;}\">\n\t\t\t\t\t<div class=\"e-con-inner\">\n\t\t\t\t<div class=\"elementor-element elementor-element-98f60d8 elementor-widget elementor-widget-heading\" data-id=\"98f60d8\" data-element_type=\"widget\" data-widget_type=\"heading.default\">\n\t\t\t\t<div class=\"elementor-widget-container\">\n\t\t\t<style>\/*! elementor - v3.16.0 - 14-09-2023 *\/\n.elementor-heading-title{padding:0;margin:0;line-height:1}.elementor-widget-heading .elementor-heading-title[class*=elementor-size-]>a{color:inherit;font-size:inherit;line-height:inherit}.elementor-widget-heading .elementor-heading-title.elementor-size-small{font-size:15px}.elementor-widget-heading .elementor-heading-title.elementor-size-medium{font-size:19px}.elementor-widget-heading .elementor-heading-title.elementor-size-large{font-size:29px}.elementor-widget-heading .elementor-heading-title.elementor-size-xl{font-size:39px}.elementor-widget-heading .elementor-heading-title.elementor-size-xxl{font-size:59px}<\/style><h5 class=\"elementor-heading-title elementor-size-default\">Die \u00dcberempfindlichkeit des Geh\u00f6rs schr\u00e4nkt die F\u00e4higkeit ein, ruhig und aktiv am Alltagsleben teilzunehmen, und schwere Symptome k\u00f6nnen eine fach\u00e4rztliche Behandlung erforderlich machen. <\/h5>\t\t<\/div>\n\t\t\t\t<\/div>\n\t\t\t\t\t<\/div>\n\t\t\t\t<\/div>\n\t\t\t\t\t<\/div>\n\t\t\t\t<\/div>\n\t\t<div class=\"elementor-element elementor-element-7dc4f88 e-flex e-con-boxed e-con e-parent\" data-id=\"7dc4f88\" data-element_type=\"container\" data-settings=\"{&quot;content_width&quot;:&quot;boxed&quot;}\" data-core-v316-plus=\"true\">\n\t\t\t\t\t<div class=\"e-con-inner\">\n\t\t\t\t<div class=\"elementor-element elementor-element-9c0a53a elementor-widget elementor-widget-tp-heading\" data-id=\"9c0a53a\" data-element_type=\"widget\" data-widget_type=\"tp-heading.default\">\n\t\t\t\t<div class=\"elementor-widget-container\">\n\t\t\t\r\n\t\t\r\n                    <div class=\"tp-section\">\r\n                                <span class=\"tp-section__sub-title left-line right-line mb-25 tp-el-subtitle\">\r\n                    Geh\u00f6rschutzst\u00f6psel f\u00fcr empfindliche Ohren                <\/span>\r\n                                <h2 class=\"tp-section__title tp-el-title mb-70\">Stopper mit akustischen Filtern <\/h2>                            <\/div>\r\n        \r\n        \r\n        \t\t<\/div>\n\t\t\t\t<\/div>\n\t\t<div class=\"elementor-element elementor-element-2b2c4f9 e-flex e-con-boxed e-con e-child\" data-id=\"2b2c4f9\" data-element_type=\"container\" data-settings=\"{&quot;content_width&quot;:&quot;boxed&quot;}\">\n\t\t\t\t\t<div class=\"e-con-inner\">\n\t\t<div class=\"elementor-element elementor-element-1c1546b e-flex e-con-boxed e-con e-child\" data-id=\"1c1546b\" data-element_type=\"container\" data-settings=\"{&quot;content_width&quot;:&quot;boxed&quot;}\">\n\t\t\t\t\t<div class=\"e-con-inner\">\n\t\t\t\t<div class=\"elementor-element elementor-element-7cac787 elementor-widget elementor-widget-image\" data-id=\"7cac787\" data-element_type=\"widget\" data-widget_type=\"image.default\">\n\t\t\t\t<div class=\"elementor-widget-container\">\n\t\t\t<style>\/*! elementor - v3.16.0 - 14-09-2023 *\/\n.elementor-widget-image{text-align:center}.elementor-widget-image a{display:inline-block}.elementor-widget-image a img[src$=\".svg\"]{width:48px}.elementor-widget-image img{vertical-align:middle;display:inline-block}<\/style>\t\t\t\t\t\t\t\t\t\t\t\t<img decoding=\"async\" loading=\"lazy\" width=\"640\" height=\"640\" src=\"https:\/\/otispro.pl\/wp-content\/uploads\/2023\/07\/1-8717154023589-Partyplug-black-Packshot-zonder-achtergrond.webp\" class=\"attachment-large size-large wp-image-1925\" alt=\"stopery koncertowe\" srcset=\"https:\/\/otispro.pl\/wp-content\/uploads\/2023\/07\/1-8717154023589-Partyplug-black-Packshot-zonder-achtergrond.webp 1000w, https:\/\/otispro.pl\/wp-content\/uploads\/2023\/07\/1-8717154023589-Partyplug-black-Packshot-zonder-achtergrond-300x300.webp 300w, https:\/\/otispro.pl\/wp-content\/uploads\/2023\/07\/1-8717154023589-Partyplug-black-Packshot-zonder-achtergrond-150x150.webp 150w, https:\/\/otispro.pl\/wp-content\/uploads\/2023\/07\/1-8717154023589-Partyplug-black-Packshot-zonder-achtergrond-768x768.webp 768w\" sizes=\"(max-width: 640px) 100vw, 640px\" \/>\t\t\t\t\t\t\t\t\t\t\t\t\t\t\t<\/div>\n\t\t\t\t<\/div>\n\t\t\t\t<div class=\"elementor-element elementor-element-7228222 elementor-widget elementor-widget-heading\" data-id=\"7228222\" data-element_type=\"widget\" data-widget_type=\"heading.default\">\n\t\t\t\t<div class=\"elementor-widget-container\">\n\t\t\t<h5 class=\"elementor-heading-title elementor-size-default\">Ohrst\u00f6psel bei H\u00f6r\u00fcberempfindlichkeit bei Erwachsenen <\/h5>\t\t<\/div>\n\t\t\t\t<\/div>\n\t\t\t\t<div class=\"elementor-element elementor-element-c890d45 elementor-align-center elementor-widget elementor-widget-button\" data-id=\"c890d45\" data-element_type=\"widget\" data-widget_type=\"button.default\">\n\t\t\t\t<div class=\"elementor-widget-container\">\n\t\t\t\t\t<div class=\"elementor-button-wrapper\">\n\t\t\t<a class=\"elementor-button elementor-button-link elementor-size-md\" href=\"https:\/\/sklep.otis.com.pl\/produkt\/partyplug\/\" target=\"_blank\">\n\t\t\t\t\t\t<span class=\"elementor-button-content-wrapper\">\n\t\t\t\t\t\t<span class=\"elementor-button-text\">Zum Shop gehen<\/span>\n\t\t<\/span>\n\t\t\t\t\t<\/a>\n\t\t<\/div>\n\t\t\t\t<\/div>\n\t\t\t\t<\/div>\n\t\t\t\t\t<\/div>\n\t\t\t\t<\/div>\n\t\t<div class=\"elementor-element elementor-element-8d107e3 e-flex e-con-boxed e-con e-child\" data-id=\"8d107e3\" data-element_type=\"container\" data-settings=\"{&quot;content_width&quot;:&quot;boxed&quot;}\">\n\t\t\t\t\t<div class=\"e-con-inner\">\n\t\t\t\t<div class=\"elementor-element elementor-element-d84e3a3 elementor-widget elementor-widget-image\" data-id=\"d84e3a3\" data-element_type=\"widget\" data-widget_type=\"image.default\">\n\t\t\t\t<div class=\"elementor-widget-container\">\n\t\t\t\t\t\t\t\t\t\t\t\t\t\t\t<img decoding=\"async\" loading=\"lazy\" width=\"640\" height=\"640\" src=\"https:\/\/otispro.pl\/wp-content\/uploads\/2023\/07\/1-8717154023527-WorkSafe-Packshot-zonder-achtergrond.webp\" class=\"attachment-large size-large wp-image-1926\" alt=\"work safe\" srcset=\"https:\/\/otispro.pl\/wp-content\/uploads\/2023\/07\/1-8717154023527-WorkSafe-Packshot-zonder-achtergrond.webp 1000w, https:\/\/otispro.pl\/wp-content\/uploads\/2023\/07\/1-8717154023527-WorkSafe-Packshot-zonder-achtergrond-300x300.webp 300w, https:\/\/otispro.pl\/wp-content\/uploads\/2023\/07\/1-8717154023527-WorkSafe-Packshot-zonder-achtergrond-150x150.webp 150w, https:\/\/otispro.pl\/wp-content\/uploads\/2023\/07\/1-8717154023527-WorkSafe-Packshot-zonder-achtergrond-768x768.webp 768w\" sizes=\"(max-width: 640px) 100vw, 640px\" \/>\t\t\t\t\t\t\t\t\t\t\t\t\t\t\t<\/div>\n\t\t\t\t<\/div>\n\t\t\t\t<div class=\"elementor-element elementor-element-b910fdd elementor-widget elementor-widget-heading\" data-id=\"b910fdd\" data-element_type=\"widget\" data-widget_type=\"heading.default\">\n\t\t\t\t<div class=\"elementor-widget-container\">\n\t\t\t<h5 class=\"elementor-heading-title elementor-size-default\">Stopper f\u00fcr sehr hohe H\u00f6rempfindlichkeit <\/h5>\t\t<\/div>\n\t\t\t\t<\/div>\n\t\t\t\t<div class=\"elementor-element elementor-element-708878b elementor-align-center elementor-widget elementor-widget-button\" data-id=\"708878b\" data-element_type=\"widget\" data-widget_type=\"button.default\">\n\t\t\t\t<div class=\"elementor-widget-container\">\n\t\t\t\t\t<div class=\"elementor-button-wrapper\">\n\t\t\t<a class=\"elementor-button elementor-button-link elementor-size-md\" href=\"https:\/\/sklep.otis.com.pl\/produkt\/worksafe\/\" target=\"_blank\">\n\t\t\t\t\t\t<span class=\"elementor-button-content-wrapper\">\n\t\t\t\t\t\t<span class=\"elementor-button-text\">Zum Shop gehen<\/span>\n\t\t<\/span>\n\t\t\t\t\t<\/a>\n\t\t<\/div>\n\t\t\t\t<\/div>\n\t\t\t\t<\/div>\n\t\t\t\t\t<\/div>\n\t\t\t\t<\/div>\n\t\t<div class=\"elementor-element elementor-element-d02d582 e-flex e-con-boxed e-con e-child\" data-id=\"d02d582\" data-element_type=\"container\" data-settings=\"{&quot;content_width&quot;:&quot;boxed&quot;}\">\n\t\t\t\t\t<div class=\"e-con-inner\">\n\t\t\t\t<div class=\"elementor-element elementor-element-6765339 elementor-widget elementor-widget-image\" data-id=\"6765339\" data-element_type=\"widget\" data-widget_type=\"image.default\">\n\t\t\t\t<div class=\"elementor-widget-container\">\n\t\t\t\t\t\t\t\t\t\t\t\t\t\t\t<img decoding=\"async\" loading=\"lazy\" width=\"640\" height=\"640\" src=\"https:\/\/otispro.pl\/wp-content\/uploads\/2023\/07\/1-8717154023541-Pluggies-Packshot-zonder-achtergrond.webp\" class=\"attachment-large size-large wp-image-1924\" alt=\"stopery dla dzieci\" srcset=\"https:\/\/otispro.pl\/wp-content\/uploads\/2023\/07\/1-8717154023541-Pluggies-Packshot-zonder-achtergrond.webp 1000w, https:\/\/otispro.pl\/wp-content\/uploads\/2023\/07\/1-8717154023541-Pluggies-Packshot-zonder-achtergrond-300x300.webp 300w, https:\/\/otispro.pl\/wp-content\/uploads\/2023\/07\/1-8717154023541-Pluggies-Packshot-zonder-achtergrond-150x150.webp 150w, https:\/\/otispro.pl\/wp-content\/uploads\/2023\/07\/1-8717154023541-Pluggies-Packshot-zonder-achtergrond-768x768.webp 768w\" sizes=\"(max-width: 640px) 100vw, 640px\" \/>\t\t\t\t\t\t\t\t\t\t\t\t\t\t\t<\/div>\n\t\t\t\t<\/div>\n\t\t\t\t<div class=\"elementor-element elementor-element-d455acc elementor-widget elementor-widget-heading\" data-id=\"d455acc\" data-element_type=\"widget\" data-widget_type=\"heading.default\">\n\t\t\t\t<div class=\"elementor-widget-container\">\n\t\t\t<h5 class=\"elementor-heading-title elementor-size-default\">Stopper f\u00fcr H\u00f6r\u00fcberempfindlichkeit bei Kindern<\/h5>\t\t<\/div>\n\t\t\t\t<\/div>\n\t\t\t\t<div class=\"elementor-element elementor-element-ee5907d elementor-align-center elementor-widget elementor-widget-button\" data-id=\"ee5907d\" data-element_type=\"widget\" data-widget_type=\"button.default\">\n\t\t\t\t<div class=\"elementor-widget-container\">\n\t\t\t\t\t<div class=\"elementor-button-wrapper\">\n\t\t\t<a class=\"elementor-button elementor-button-link elementor-size-md\" href=\"https:\/\/sklep.otis.com.pl\/produkt\/pluggies\/\" target=\"_blank\">\n\t\t\t\t\t\t<span class=\"elementor-button-content-wrapper\">\n\t\t\t\t\t\t<span class=\"elementor-button-text\">Zum Shop gehen<\/span>\n\t\t<\/span>\n\t\t\t\t\t<\/a>\n\t\t<\/div>\n\t\t\t\t<\/div>\n\t\t\t\t<\/div>\n\t\t\t\t\t<\/div>\n\t\t\t\t<\/div>\n\t\t\t\t\t<\/div>\n\t\t\t\t<\/div>\n\t\t\t\t\t<\/div>\n\t\t\t\t<\/div>\n\t\t<div class=\"elementor-element elementor-element-9ee99a9 e-con-full e-flex e-con e-parent\" data-id=\"9ee99a9\" data-element_type=\"container\" data-settings=\"{&quot;content_width&quot;:&quot;full&quot;}\" data-core-v316-plus=\"true\">\n\t\t<div class=\"elementor-element elementor-element-33b030a e-con-full e-flex e-con e-child\" data-id=\"33b030a\" data-element_type=\"container\" data-settings=\"{&quot;content_width&quot;:&quot;full&quot;,&quot;background_background&quot;:&quot;classic&quot;}\">\n\t\t\t\t<\/div>\n\t\t<div class=\"elementor-element elementor-element-072d5fd e-con-full e-flex e-con e-child\" data-id=\"072d5fd\" data-element_type=\"container\" data-settings=\"{&quot;content_width&quot;:&quot;full&quot;,&quot;background_background&quot;:&quot;classic&quot;}\">\n\t\t<div class=\"elementor-element elementor-element-6b75c9e e-con-full e-flex e-con e-child\" data-id=\"6b75c9e\" data-element_type=\"container\" data-settings=\"{&quot;content_width&quot;:&quot;full&quot;}\">\n\t\t\t\t<div class=\"elementor-element elementor-element-20e2dd3 elementor-widget elementor-widget-heading\" data-id=\"20e2dd3\" data-element_type=\"widget\" data-widget_type=\"heading.default\">\n\t\t\t\t<div class=\"elementor-widget-container\">\n\t\t\t<h2 class=\"elementor-heading-title elementor-size-default\">Wie kann man die \u00dcberempfindlichkeit des Geh\u00f6rs verringern?<\/h2>\t\t<\/div>\n\t\t\t\t<\/div>\n\t\t\t\t<div class=\"elementor-element elementor-element-af4f7c1 elementor-widget elementor-widget-text-editor\" data-id=\"af4f7c1\" data-element_type=\"widget\" data-widget_type=\"text-editor.default\">\n\t\t\t\t<div class=\"elementor-widget-container\">\n\t\t\t\t\t\t\t<p>Die Therapie der H\u00f6r\u00fcberempfindlichkeit h\u00e4ngt von der Art der St\u00f6rung ab. Das Hauptziel der Therapie f\u00fcr Erwachsene, die an einer auditorischen \u00dcberempfindlichkeit leiden, besteht darin, die Lebensqualit\u00e4t der Patienten zu verbessern und die mit der Erkrankung verbundenen Schmerzen zu lindern. <\/p>\n<p>Eine <strong>Behandlung<\/strong> f\u00fcr Patienten, die an auditorischer <strong>\u00dcberempfindlichkeit leiden<\/strong>, die seit vielen Jahren im Ausland und in Polen erfolgreich eingesetzt wird, ist die <strong>TRT (Tinnitus Retraning Therapy)<\/strong>. Dabei lernt der Patient, wie er mit Schmerzen und Irritationen umgehen kann. <\/p>\n<p>Eine Behandlung f\u00fcr Patienten, die an auditorischer \u00dcberempfindlichkeit leiden, die seit vielen Jahren im Ausland und in Polen erfolgreich eingesetzt wird, ist die TRT (Tinnitus Retraning Therapy). Dabei lernt der Patient, wie er mit Schmerzen und Irritationen umgehen kann.  <\/p>\n<p>Wenn Sie bei sich, Ihrem Kind oder einem Angeh\u00f6rigen besorgniserregende Symptome feststellen, <strong>wenden Sie sich an einen Audiologen.<\/strong><\/p>\n\t\t\t\t\t\t<\/div>\n\t\t\t\t<\/div>\n\t\t\t\t<\/div>\n\t\t\t\t<\/div>\n\t\t\t\t<\/div>\n\t\t<div class=\"elementor-element elementor-element-4c51bff e-con-full e-flex e-con e-parent\" data-id=\"4c51bff\" data-element_type=\"container\" data-settings=\"{&quot;content_width&quot;:&quot;full&quot;}\" data-core-v316-plus=\"true\">\n\t\t<div class=\"elementor-element elementor-element-3ab3064 e-con-full e-flex e-con e-child\" data-id=\"3ab3064\" data-element_type=\"container\" data-settings=\"{&quot;content_width&quot;:&quot;full&quot;,&quot;background_background&quot;:&quot;classic&quot;}\">\n\t\t<div class=\"elementor-element elementor-element-264c529 e-con-full e-flex e-con e-child\" data-id=\"264c529\" data-element_type=\"container\" data-settings=\"{&quot;content_width&quot;:&quot;full&quot;}\">\n\t\t\t\t<div class=\"elementor-element elementor-element-2044ae7 elementor-widget elementor-widget-heading\" data-id=\"2044ae7\" data-element_type=\"widget\" data-widget_type=\"heading.default\">\n\t\t\t\t<div class=\"elementor-widget-container\">\n\t\t\t<h2 class=\"elementor-heading-title elementor-size-default\">Wie geht man mit auditorischer \u00dcberempfindlichkeit um?<\/h2>\t\t<\/div>\n\t\t\t\t<\/div>\n\t\t\t\t<div class=\"elementor-element elementor-element-3ff5d67 elementor-widget elementor-widget-text-editor\" data-id=\"3ff5d67\" data-element_type=\"widget\" data-widget_type=\"text-editor.default\">\n\t\t\t\t<div class=\"elementor-widget-container\">\n\t\t\t\t\t\t\t<p>F\u00fcr Menschen, die mit einer \u00dcberempfindlichkeit gegen\u00fcber L\u00e4rm zu k\u00e4mpfen haben und t\u00e4glich im L\u00e4rm arbeiten, sind professionelle Ohrst\u00f6psel und St\u00f6psel eine gute L\u00f6sung.<\/p>\n<p>Aber keine Wachsst\u00f6psel, Schaumstoffst\u00f6psel oder Silikonst\u00f6psel (Weihnachtsbaum). Um mit unerw\u00fcnschten Ger\u00e4uschen fertig zu werden und in Ihrem Arbeitsumfeld normal zu funktionieren, brauchen Sie spezielle <strong>Ohrst\u00f6psel mit akustischen Filtern<\/strong>. Akustikfilter verringern die l\u00e4stigen gesundheitlichen Auswirkungen des h\u00e4ufigen Aufenthalts in einer sch\u00e4dlichen L\u00e4rmumgebung, ohne dass Sie sich isoliert und &#8222;eingepfercht&#8220; f\u00fchlen.  <\/p><\/p>\n\t\t\t\t\t\t<\/div>\n\t\t\t\t<\/div>\n\t\t\t\t<\/div>\n\t\t\t\t<\/div>\n\t\t<div class=\"elementor-element elementor-element-5294123 e-con-full e-flex e-con e-child\" data-id=\"5294123\" data-element_type=\"container\" data-settings=\"{&quot;content_width&quot;:&quot;full&quot;,&quot;background_background&quot;:&quot;classic&quot;}\">\n\t\t\t\t<\/div>\n\t\t\t\t<\/div>\n\t\t<div class=\"elementor-element elementor-element-c378b8b e-flex e-con-boxed e-con e-parent\" data-id=\"c378b8b\" data-element_type=\"container\" data-settings=\"{&quot;content_width&quot;:&quot;boxed&quot;}\" data-core-v316-plus=\"true\">\n\t\t\t\t\t<div class=\"e-con-inner\">\n\t\t\t\t<div class=\"elementor-element elementor-element-b481439 elementor-widget elementor-widget-tp-heading\" data-id=\"b481439\" data-element_type=\"widget\" data-widget_type=\"tp-heading.default\">\n\t\t\t\t<div class=\"elementor-widget-container\">\n\t\t\t\r\n\t\t\r\n                    <div class=\"tp-section\">\r\n                                <span class=\"tp-section__sub-title left-line right-line mb-25 tp-el-subtitle\">\r\n                    Welche Stoppuhren sind am besten geeignet?                 <\/span>\r\n                                <h2 class=\"tp-section__title tp-el-title mb-70\">Siehe Vergleich von Ohrst\u00f6pseln<\/h2>                            <\/div>\r\n        \r\n        \r\n        \t\t<\/div>\n\t\t\t\t<\/div>\n\t\t\t\t<div class=\"elementor-element elementor-element-8f8ac92 elementor-widget elementor-widget-image\" data-id=\"8f8ac92\" data-element_type=\"widget\" data-widget_type=\"image.default\">\n\t\t\t\t<div class=\"elementor-widget-container\">\n\t\t\t\t\t\t\t\t\t\t\t\t\t\t\t<img decoding=\"async\" loading=\"lazy\" width=\"540\" height=\"540\" src=\"https:\/\/otispro.pl\/wp-content\/uploads\/2023\/07\/tabela.jpg\" class=\"attachment-large size-large wp-image-1933\" alt=\"\" srcset=\"https:\/\/otispro.pl\/wp-content\/uploads\/2023\/07\/tabela.jpg 540w, https:\/\/otispro.pl\/wp-content\/uploads\/2023\/07\/tabela-300x300.jpg 300w, https:\/\/otispro.pl\/wp-content\/uploads\/2023\/07\/tabela-150x150.jpg 150w\" sizes=\"(max-width: 540px) 100vw, 540px\" \/>\t\t\t\t\t\t\t\t\t\t\t\t\t\t\t<\/div>\n\t\t\t\t<\/div>\n\t\t\t\t\t<\/div>\n\t\t\t\t<\/div>\n\t\t<div class=\"elementor-element elementor-element-f37d2eb e-flex e-con-boxed e-con e-parent\" data-id=\"f37d2eb\" data-element_type=\"container\" data-settings=\"{&quot;background_background&quot;:&quot;classic&quot;,&quot;content_width&quot;:&quot;boxed&quot;}\" data-core-v316-plus=\"true\">\n\t\t\t\t\t<div class=\"e-con-inner\">\n\t\t<div class=\"elementor-element elementor-element-41437ac e-flex e-con-boxed e-con e-child\" data-id=\"41437ac\" data-element_type=\"container\" data-settings=\"{&quot;content_width&quot;:&quot;boxed&quot;}\">\n\t\t\t\t\t<div class=\"e-con-inner\">\n\t\t\t\t<div class=\"elementor-element elementor-element-46e5ffe elementor-widget elementor-widget-tp-heading\" data-id=\"46e5ffe\" data-element_type=\"widget\" data-widget_type=\"tp-heading.default\">\n\t\t\t\t<div class=\"elementor-widget-container\">\n\t\t\t\r\n\t\t\r\n                    <div class=\"tp-section\">\r\n                                <span class=\"tp-section__sub-title left-line right-line mb-25 tp-el-subtitle\">\r\n                    Lassen Sie sich helfen                <\/span>\r\n                                <h2 class=\"tp-section__title tp-el-title mb-70\">Was ist mit auditorischer \u00dcberempfindlichkeit?<\/h2>                            <\/div>\r\n        \r\n        \r\n        \t\t<\/div>\n\t\t\t\t<\/div>\n\t\t\t\t\t<\/div>\n\t\t\t\t<\/div>\n\t\t<div class=\"elementor-element elementor-element-6775dec e-flex e-con-boxed e-con e-child\" data-id=\"6775dec\" data-element_type=\"container\" data-settings=\"{&quot;content_width&quot;:&quot;boxed&quot;}\">\n\t\t\t\t\t<div class=\"e-con-inner\">\n\t\t<div class=\"elementor-element elementor-element-5543dee e-flex e-con-boxed e-con e-child\" data-id=\"5543dee\" data-element_type=\"container\" data-settings=\"{&quot;background_background&quot;:&quot;classic&quot;,&quot;content_width&quot;:&quot;boxed&quot;}\">\n\t\t\t\t\t<div class=\"e-con-inner\">\n\t\t\t\t<div class=\"elementor-element elementor-element-5633cb1 elementor-widget elementor-widget-text-editor\" data-id=\"5633cb1\" data-element_type=\"widget\" data-widget_type=\"text-editor.default\">\n\t\t\t\t<div class=\"elementor-widget-container\">\n\t\t\t\t\t\t\t<p>Bei H\u00f6r\u00fcberempfindlichkeit bei Erwachsenen empfehlen wir individuelle <span style=\"color: #0000ff;\"><a style=\"color: #0000ff;\" href=\"https:\/\/sklep.otis.com.pl\/produkty-indywidualne\/\">OTIS-Ohrst\u00f6psel<\/a><\/span> nach Ma\u00df oder die universellen Alpine ParyPlug-St\u00f6psel.<\/p>\n\t\t\t\t\t\t<\/div>\n\t\t\t\t<\/div>\n\t\t\t\t<div class=\"elementor-element elementor-element-ce64536 elementor-widget elementor-widget-image\" data-id=\"ce64536\" data-element_type=\"widget\" data-widget_type=\"image.default\">\n\t\t\t\t<div class=\"elementor-widget-container\">\n\t\t\t\t\t\t\t\t\t\t\t\t\t\t\t<img decoding=\"async\" loading=\"lazy\" width=\"640\" height=\"640\" src=\"https:\/\/otispro.pl\/wp-content\/uploads\/2023\/07\/1-8717154023589-Partyplug-black-Packshot-zonder-achtergrond.webp\" class=\"attachment-large size-large wp-image-1925\" alt=\"stopery koncertowe\" srcset=\"https:\/\/otispro.pl\/wp-content\/uploads\/2023\/07\/1-8717154023589-Partyplug-black-Packshot-zonder-achtergrond.webp 1000w, https:\/\/otispro.pl\/wp-content\/uploads\/2023\/07\/1-8717154023589-Partyplug-black-Packshot-zonder-achtergrond-300x300.webp 300w, https:\/\/otispro.pl\/wp-content\/uploads\/2023\/07\/1-8717154023589-Partyplug-black-Packshot-zonder-achtergrond-150x150.webp 150w, https:\/\/otispro.pl\/wp-content\/uploads\/2023\/07\/1-8717154023589-Partyplug-black-Packshot-zonder-achtergrond-768x768.webp 768w\" sizes=\"(max-width: 640px) 100vw, 640px\" \/>\t\t\t\t\t\t\t\t\t\t\t\t\t\t\t<\/div>\n\t\t\t\t<\/div>\n\t\t\t\t<div class=\"elementor-element elementor-element-5422bf7 elementor-align-center elementor-widget elementor-widget-button\" data-id=\"5422bf7\" data-element_type=\"widget\" data-widget_type=\"button.default\">\n\t\t\t\t<div class=\"elementor-widget-container\">\n\t\t\t\t\t<div class=\"elementor-button-wrapper\">\n\t\t\t<a class=\"elementor-button elementor-button-link elementor-size-md\" href=\"https:\/\/sklep.otis.com.pl\/produkt\/partyplug\/\" target=\"_blank\">\n\t\t\t\t\t\t<span class=\"elementor-button-content-wrapper\">\n\t\t\t\t\t\t<span class=\"elementor-button-text\">Zum Shop gehen<\/span>\n\t\t<\/span>\n\t\t\t\t\t<\/a>\n\t\t<\/div>\n\t\t\t\t<\/div>\n\t\t\t\t<\/div>\n\t\t\t\t\t<\/div>\n\t\t\t\t<\/div>\n\t\t<div class=\"elementor-element elementor-element-280bb9d e-flex e-con-boxed e-con e-child\" data-id=\"280bb9d\" data-element_type=\"container\" data-settings=\"{&quot;background_background&quot;:&quot;classic&quot;,&quot;content_width&quot;:&quot;boxed&quot;}\">\n\t\t\t\t\t<div class=\"e-con-inner\">\n\t\t\t\t<div class=\"elementor-element elementor-element-1be5f37 elementor-widget elementor-widget-text-editor\" data-id=\"1be5f37\" data-element_type=\"widget\" data-widget_type=\"text-editor.default\">\n\t\t\t\t<div class=\"elementor-widget-container\">\n\t\t\t\t\t\t\t<p>Wenn noch mehr D\u00e4mpfung erforderlich ist, eignen sich die komfortablen Alpine Worksafe Ohrst\u00f6psel gut f\u00fcr Personen mit sehr hoher H\u00f6rempfindlichkeit.<\/p>\n\t\t\t\t\t\t<\/div>\n\t\t\t\t<\/div>\n\t\t\t\t<div class=\"elementor-element elementor-element-a8a3c0c elementor-widget elementor-widget-image\" data-id=\"a8a3c0c\" data-element_type=\"widget\" data-widget_type=\"image.default\">\n\t\t\t\t<div class=\"elementor-widget-container\">\n\t\t\t\t\t\t\t\t\t\t\t\t\t\t\t<img decoding=\"async\" loading=\"lazy\" width=\"640\" height=\"640\" src=\"https:\/\/otispro.pl\/wp-content\/uploads\/2023\/07\/1-8717154023527-WorkSafe-Packshot-zonder-achtergrond.webp\" class=\"attachment-large size-large wp-image-1926\" alt=\"work safe\" srcset=\"https:\/\/otispro.pl\/wp-content\/uploads\/2023\/07\/1-8717154023527-WorkSafe-Packshot-zonder-achtergrond.webp 1000w, https:\/\/otispro.pl\/wp-content\/uploads\/2023\/07\/1-8717154023527-WorkSafe-Packshot-zonder-achtergrond-300x300.webp 300w, https:\/\/otispro.pl\/wp-content\/uploads\/2023\/07\/1-8717154023527-WorkSafe-Packshot-zonder-achtergrond-150x150.webp 150w, https:\/\/otispro.pl\/wp-content\/uploads\/2023\/07\/1-8717154023527-WorkSafe-Packshot-zonder-achtergrond-768x768.webp 768w\" sizes=\"(max-width: 640px) 100vw, 640px\" \/>\t\t\t\t\t\t\t\t\t\t\t\t\t\t\t<\/div>\n\t\t\t\t<\/div>\n\t\t\t\t<div class=\"elementor-element elementor-element-e97316d elementor-align-center elementor-widget elementor-widget-button\" data-id=\"e97316d\" data-element_type=\"widget\" data-widget_type=\"button.default\">\n\t\t\t\t<div class=\"elementor-widget-container\">\n\t\t\t\t\t<div class=\"elementor-button-wrapper\">\n\t\t\t<a class=\"elementor-button elementor-button-link elementor-size-md\" href=\"https:\/\/sklep.otis.com.pl\/produkt\/worksafe\/\" target=\"_blank\">\n\t\t\t\t\t\t<span class=\"elementor-button-content-wrapper\">\n\t\t\t\t\t\t<span class=\"elementor-button-text\">Zum Shop gehen<\/span>\n\t\t<\/span>\n\t\t\t\t\t<\/a>\n\t\t<\/div>\n\t\t\t\t<\/div>\n\t\t\t\t<\/div>\n\t\t\t\t\t<\/div>\n\t\t\t\t<\/div>\n\t\t<div class=\"elementor-element elementor-element-d228ad2 e-flex e-con-boxed e-con e-child\" data-id=\"d228ad2\" data-element_type=\"container\" data-settings=\"{&quot;background_background&quot;:&quot;classic&quot;,&quot;content_width&quot;:&quot;boxed&quot;}\">\n\t\t\t\t\t<div class=\"e-con-inner\">\n\t\t\t\t<div class=\"elementor-element elementor-element-499fe98 elementor-widget elementor-widget-text-editor\" data-id=\"499fe98\" data-element_type=\"widget\" data-widget_type=\"text-editor.default\">\n\t\t\t\t<div class=\"elementor-widget-container\">\n\t\t\t\t\t\t\t<p>F\u00fcr Kinder mit \u00fcberempfindlichem Geh\u00f6r empfehlen wir die Alpine Plugin Kids Softstopper.<\/p>\n\t\t\t\t\t\t<\/div>\n\t\t\t\t<\/div>\n\t\t\t\t<div class=\"elementor-element elementor-element-0b1cdf3 elementor-widget elementor-widget-image\" data-id=\"0b1cdf3\" data-element_type=\"widget\" data-widget_type=\"image.default\">\n\t\t\t\t<div class=\"elementor-widget-container\">\n\t\t\t\t\t\t\t\t\t\t\t\t\t\t\t<img decoding=\"async\" loading=\"lazy\" width=\"640\" height=\"640\" src=\"https:\/\/otispro.pl\/wp-content\/uploads\/2023\/07\/1-8717154023541-Pluggies-Packshot-zonder-achtergrond.webp\" class=\"attachment-large size-large wp-image-1924\" alt=\"stopery dla dzieci\" srcset=\"https:\/\/otispro.pl\/wp-content\/uploads\/2023\/07\/1-8717154023541-Pluggies-Packshot-zonder-achtergrond.webp 1000w, https:\/\/otispro.pl\/wp-content\/uploads\/2023\/07\/1-8717154023541-Pluggies-Packshot-zonder-achtergrond-300x300.webp 300w, https:\/\/otispro.pl\/wp-content\/uploads\/2023\/07\/1-8717154023541-Pluggies-Packshot-zonder-achtergrond-150x150.webp 150w, https:\/\/otispro.pl\/wp-content\/uploads\/2023\/07\/1-8717154023541-Pluggies-Packshot-zonder-achtergrond-768x768.webp 768w\" sizes=\"(max-width: 640px) 100vw, 640px\" \/>\t\t\t\t\t\t\t\t\t\t\t\t\t\t\t<\/div>\n\t\t\t\t<\/div>\n\t\t\t\t<div class=\"elementor-element elementor-element-8e6e88a elementor-align-center elementor-widget elementor-widget-button\" data-id=\"8e6e88a\" data-element_type=\"widget\" data-widget_type=\"button.default\">\n\t\t\t\t<div class=\"elementor-widget-container\">\n\t\t\t\t\t<div class=\"elementor-button-wrapper\">\n\t\t\t<a class=\"elementor-button elementor-button-link elementor-size-md\" href=\"https:\/\/sklep.otis.com.pl\/produkt\/pluggies\/\" target=\"_blank\">\n\t\t\t\t\t\t<span class=\"elementor-button-content-wrapper\">\n\t\t\t\t\t\t<span class=\"elementor-button-text\">Zum Shop gehen<\/span>\n\t\t<\/span>\n\t\t\t\t\t<\/a>\n\t\t<\/div>\n\t\t\t\t<\/div>\n\t\t\t\t<\/div>\n\t\t\t\t\t<\/div>\n\t\t\t\t<\/div>\n\t\t\t\t\t<\/div>\n\t\t\t\t<\/div>\n\t\t<div class=\"elementor-element elementor-element-e613b35 e-flex e-con-boxed e-con e-child\" data-id=\"e613b35\" data-element_type=\"container\" data-settings=\"{&quot;content_width&quot;:&quot;boxed&quot;}\">\n\t\t\t\t\t<div class=\"e-con-inner\">\n\t\t\t\t\t<\/div>\n\t\t\t\t<\/div>\n\t\t\t\t\t<\/div>\n\t\t\t\t<\/div>\n\t\t\t\t\t\t\t<\/div>\n\t\t","protected":false},"excerpt":{"rendered":"<p>\u00dcberempfindlichkeit des Geh\u00f6rs Was ist eine auditorische \u00dcberempfindlichkeit bei Erwachsenen? Bei einer H\u00f6r\u00fcberempfindlichkeit verursachen selbst gew\u00f6hnliche Umgebungsger\u00e4usche &#8211; z. B. Gespr\u00e4che, Staubsaugen, Hundegebell &#8211; gro\u00dfes Unbehagen und sogar Schmerzen. Menschen mit Hyperakusis nehmen Schallreize als unertr\u00e4glichen L\u00e4rm wahr. In Polen sind t\u00e4glich etwa 20 % der Bev\u00f6lkerung betroffen. Gut zu wissen Welche Arten der auditorischen [&hellip;]<\/p>\n","protected":false},"author":1,"featured_media":0,"parent":0,"menu_order":0,"comment_status":"closed","ping_status":"closed","template":"page-left-menu.php","meta":{"_seopress_robots_primary_cat":"","footnotes":""},"acf":[],"_links":{"self":[{"href":"https:\/\/otispro.pl\/de\/wp-json\/wp\/v2\/pages\/2759"}],"collection":[{"href":"https:\/\/otispro.pl\/de\/wp-json\/wp\/v2\/pages"}],"about":[{"href":"https:\/\/otispro.pl\/de\/wp-json\/wp\/v2\/types\/page"}],"author":[{"embeddable":true,"href":"https:\/\/otispro.pl\/de\/wp-json\/wp\/v2\/users\/1"}],"replies":[{"embeddable":true,"href":"https:\/\/otispro.pl\/de\/wp-json\/wp\/v2\/comments?post=2759"}],"version-history":[{"count":6,"href":"https:\/\/otispro.pl\/de\/wp-json\/wp\/v2\/pages\/2759\/revisions"}],"predecessor-version":[{"id":2796,"href":"https:\/\/otispro.pl\/de\/wp-json\/wp\/v2\/pages\/2759\/revisions\/2796"}],"wp:attachment":[{"href":"https:\/\/otispro.pl\/de\/wp-json\/wp\/v2\/media?parent=2759"}],"curies":[{"name":"wp","href":"https:\/\/api.w.org\/{rel}","templated":true}]}}